{"id":183,"date":"2016-11-28T14:39:34","date_gmt":"2016-11-28T13:39:34","guid":{"rendered":"http:\/\/2016.treffendel.fr\/?page_id=183"},"modified":"2025-11-12T14:18:06","modified_gmt":"2025-11-12T13:18:06","slug":"le-vestaire","status":"publish","type":"page","link":"https:\/\/www.treffendel.fr\/?page_id=183","title":{"rendered":"Le vestiaire"},"content":{"rendered":"<div><\/div>\n<div>\n<h3 class=\"v1MsoNormal\"><b>Contactez l&rsquo;accueil de L&rsquo;Inter&rsquo;Val au 02 99 06 88 90.<\/b><\/h3>\n<\/div>\n<div>\n<p class=\"v1MsoNormal\"><span style=\"font-size: inherit;\">Il permet d&rsquo;habiller toute la famille \u00e0 moindre co\u00fbt.<\/span><\/p>\n<\/div>\n<p>le Vestiaire est situ\u00e9 <b>\u00e0 La Canop\u00e9e, 2 rue Simpone Veil <\/b>\u00e0 <strong>Pl\u00e9lan le Grand<\/strong>. Le local est simple et pratique, il r\u00e9pond \u00e0 son objectif essentiel : permettre aux familles qui en ont besoin, de renouveler gratuitement leurs v\u00eatements.<\/p>\n<p>Le d\u00e9p\u00f4t de v\u00eatements (pr\u00e9alablement lav\u00e9s) ou chaussures se fait aux m\u00eames heures de permanences.<\/p>\n<h2><a href=\"https:\/\/www.linterval.org\/pour-tous\/les-rendez-vous-reguliers\/\" target=\"_blank\" rel=\"noopener noreferrer\">plus d&rsquo;infos<\/a><\/h2>\n","protected":false},"excerpt":{"rendered":"<p>Contactez l&rsquo;accueil de L&rsquo;Inter&rsquo;Val au 02 99 06 88 90. Il permet d&rsquo;habiller toute la famille \u00e0 moindre co\u00fbt. le Vestiaire est situ\u00e9 \u00e0 La Canop\u00e9e, 2 rue Simpone Veil \u00e0 Pl\u00e9lan le Grand. Le local est simple et pratique, il r\u00e9pond \u00e0 son objectif essentiel : permettre aux familles qui en ont besoin, de [&hellip;]<\/p>\n","protected":false},"author":1,"featured_media":0,"parent":61,"menu_order":0,"comment_status":"closed","ping_status":"closed","template":"","meta":[],"_links":{"self":[{"href":"https:\/\/www.treffendel.fr\/index.php?rest_route=\/wp\/v2\/pages\/183"}],"collection":[{"href":"https:\/\/www.treffendel.fr\/index.php?rest_route=\/wp\/v2\/pages"}],"about":[{"href":"https:\/\/www.treffendel.fr\/index.php?rest_route=\/wp\/v2\/types\/page"}],"author":[{"embeddable":true,"href":"https:\/\/www.treffendel.fr\/index.php?rest_route=\/wp\/v2\/users\/1"}],"replies":[{"embeddable":true,"href":"https:\/\/www.treffendel.fr\/index.php?rest_route=%2Fwp%2Fv2%2Fcomments&post=183"}],"version-history":[{"count":5,"href":"https:\/\/www.treffendel.fr\/index.php?rest_route=\/wp\/v2\/pages\/183\/revisions"}],"predecessor-version":[{"id":6774,"href":"https:\/\/www.treffendel.fr\/index.php?rest_route=\/wp\/v2\/pages\/183\/revisions\/6774"}],"up":[{"embeddable":true,"href":"https:\/\/www.treffendel.fr\/index.php?rest_route=\/wp\/v2\/pages\/61"}],"wp:attachment":[{"href":"https:\/\/www.treffendel.fr\/index.php?rest_route=%2Fwp%2Fv2%2Fmedia&parent=183"}],"curies":[{"name":"wp","href":"https:\/\/api.w.org\/{rel}","templated":true}]}}