{"id":251,"date":"2016-11-28T16:38:41","date_gmt":"2016-11-28T15:38:41","guid":{"rendered":"http:\/\/2016.treffendel.fr\/?page_id=251"},"modified":"2024-06-21T15:19:33","modified_gmt":"2024-06-21T13:19:33","slug":"balades","status":"publish","type":"page","link":"https:\/\/www.treffendel.fr\/?page_id=251","title":{"rendered":"balades"},"content":{"rendered":"<h4>La vall\u00e9e du Serein et le Pays de Broc\u00e9liande sont particuli\u00e8rement riches en promenade de longueurs et de difficult\u00e9s vari\u00e9es.<\/h4>\n<p><a href=\"http:\/\/2016.treffendel.fr\/wp-content\/uploads\/2017\/01\/Treffendel_a_velo-2.png\" target=\"_blank\" rel=\"noopener noreferrer\">Comment imprimer ou t\u00e9l\u00e9charger le plan<\/a><\/p>\n<table style=\"width: 100%; height: 746px;\">\n<tbody>\n<tr style=\"height: 87px;\">\n<td style=\"height: 87px;\"><strong>Type de<\/strong><br \/><strong> circuit<\/strong><\/td>\n<td style=\"height: 87px;\"><strong>Nom du circuit<\/strong><\/td>\n<td style=\"height: 87px;\"><strong>Dur\u00e9e<\/strong><br \/><strong> ou<\/strong><br \/><strong> distance<\/strong><\/td>\n<td style=\"height: 87px;\"><strong>D\u00e9part<\/strong><\/td>\n<td style=\"height: 87px;\"><strong>Fl\u00e9chage<\/strong><\/td>\n<td style=\"height: 87px;\"><strong>Observations<\/strong><\/td>\n<\/tr>\n<tr style=\"height: 107px;\">\n<td style=\"height: 107px;\">A v\u00e9lo<\/td>\n<td style=\"height: 107px;\"><a href=\"https:\/\/drive.google.com\/open?id=1ZVJCI_2liY6QJ2ynSBNaUeZdcD0&amp;usp=sharing\" target=\"_blank\" rel=\"noopener noreferrer\">Le tour de Tr\u00e9ffendel<\/a><\/td>\n<td style=\"height: 107px;\">18 km<\/td>\n<td style=\"height: 107px;\">Rue de la Cour D\u00e9toc<\/td>\n<td style=\"height: 107px;\">Petits<br \/>panneaux<br \/>rouges<\/td>\n<td style=\"height: 107px;\">Petites routes avec peu de circulation.<br \/><a href=\"https:\/\/drive.google.com\/open?id=1ZVJCI_2liY6QJ2ynSBNaUeZdcD0&amp;usp=sharing\" target=\"_blank\" rel=\"noopener noreferrer\">voir le plan<\/a><\/td>\n<\/tr>\n<tr style=\"height: 45px;\">\n<td style=\"height: 45px;\">A pied<\/td>\n<td style=\"height: 45px;\">Le sentier botanique<\/td>\n<td style=\"height: 45px;\">1 h 30<\/td>\n<td style=\"height: 45px;\">Le Gu\u00e9 Charet<\/td>\n<td style=\"height: 45px;\">\u00a0<\/td>\n<td style=\"height: 45px;\"><a href=\"http:\/\/cheminsdebretagne.over-blog.com\/article-broceliande-le-sentier-botanique-de-l-etunel-81636947.html\" target=\"_blank\" rel=\"noopener noreferrer\">plus d&rsquo;infos<\/a><\/td>\n<\/tr>\n<tr style=\"height: 66px;\">\n<td style=\"height: 66px;\">A pied<\/td>\n<td style=\"height: 66px;\">La vall\u00e9e du Serein<\/td>\n<td style=\"height: 66px;\">11 km<\/td>\n<td style=\"height: 66px;\">place du cimeti\u00e8re<\/td>\n<td style=\"height: 66px;\">traits jaunes (petites randonn\u00e9es)<\/td>\n<td style=\"height: 66px;\"><a href=\"http:\/\/2016.treffendel.fr\/?page_id=1514\" target=\"_blank\" rel=\"noopener noreferrer\">plus d&rsquo;infos<\/a><\/td>\n<\/tr>\n<tr style=\"height: 87px;\">\n<td style=\"height: 87px;\">A pied<\/td>\n<td style=\"height: 87px;\">Le tour du bourg<\/td>\n<td style=\"height: 87px;\">3 km<\/td>\n<td style=\"height: 87px;\">Chemin des Grasses No\u00ebs<\/td>\n<td style=\"height: 87px;\">Pieds blancs<\/td>\n<td style=\"height: 87px;\"><a href=\"https:\/\/drive.google.com\/open?id=1FBeBKkneb_jD4XbVarvie-fL0Yc&amp;usp=sharing\" target=\"_blank\" rel=\"noopener noreferrer\">voir le plan<\/a><\/td>\n<\/tr>\n<tr style=\"height: 87px;\">\n<td style=\"height: 87px;\">A pied<\/td>\n<td style=\"height: 87px;\">Les Landes de Fontainiou<\/td>\n<td style=\"height: 87px;\"><strong>1 h 30<\/strong> (raccourci :1h)<\/td>\n<td style=\"height: 87px;\">Le Haut du Tertre<\/td>\n<td style=\"height: 87px;\">pieds bleus<\/td>\n<td style=\"height: 87px;\">\u00a0<a href=\"https:\/\/drive.google.com\/open?id=1OeBAa4xgBAraveGEwh1Nu08-0T8&amp;usp=sharing\" target=\"_blank\" rel=\"noopener noreferrer\">voir le plan<\/a><\/td>\n<\/tr>\n<tr style=\"height: 45px;\">\n<td style=\"height: 45px;\">A pied<\/td>\n<td style=\"height: 45px;\">Les bords du Serein<\/td>\n<td style=\"height: 45px;\">1 h 30<br \/>(4 km)<\/td>\n<td style=\"height: 45px;\">La Ville Roger<\/td>\n<td style=\"height: 45px;\">Pieds rouges<\/td>\n<td style=\"height: 45px;\"><a href=\"https:\/\/drive.google.com\/open?id=1tnOoZF3bEAkDEdZ2JHLJ9DxMI6g&amp;usp=sharing\" target=\"_blank\" rel=\"noopener noreferrer\">voir le plan<\/a><\/td>\n<\/tr>\n<tr style=\"height: 24px;\">\n<td style=\"height: 24px;\">\u00a0<\/td>\n<td style=\"height: 24px;\">\u00a0<span style=\"color: #ff6600;\"><em><strong>Balisage \u00e0 revoir<\/strong><\/em><\/span><\/td>\n<td style=\"height: 24px;\">\u00a0<\/td>\n<td style=\"height: 24px;\">\u00a0<\/td>\n<td style=\"height: 24px;\">\u00a0<\/td>\n<td style=\"height: 24px;\">\u00a0<\/td>\n<\/tr>\n<tr style=\"height: 66px;\">\n<td style=\"height: 66px;\">A V.T.T.<\/td>\n<td style=\"height: 66px;\">Tr\u00e9ffendel -&gt; Les Pommeraies -&gt; Monterfil<\/td>\n<td style=\"height: 66px;\">17 km<\/td>\n<td style=\"height: 66px;\">Route de l&rsquo;Etunel<\/td>\n<td style=\"height: 66px;\">Orange puis bleu<\/td>\n<td style=\"height: 66px;\">\u00a0<\/td>\n<\/tr>\n<tr style=\"height: 87px;\">\n<td style=\"height: 87px;\">A V.T.T.<\/td>\n<td style=\"height: 87px;\">Tr\u00e9ffendel -&gt; St P\u00e9ran -&gt; La Chambre au Loup -&gt; Monterfil<\/td>\n<td style=\"height: 87px;\">35 km<\/td>\n<td style=\"height: 87px;\">Le Gu\u00e9 Charet<\/td>\n<td style=\"height: 87px;\">Bleu<\/td>\n<td style=\"height: 87px;\"><a href=\"https:\/\/tourisme-broceliande.bzh\/activite\/circuits-velo-vtt\/\" target=\"_blank\" rel=\"noopener noreferrer\">plus d&rsquo;infos<\/a><\/td>\n<\/tr>\n<tr style=\"height: 45px;\">\n<td style=\"height: 45px;\">A pied<\/td>\n<td style=\"height: 45px;\">Les Landes de la Porte<\/td>\n<td style=\"height: 45px;\">3 km<\/td>\n<td style=\"height: 45px;\">La Brenelais<\/td>\n<td style=\"height: 45px;\">Vert<\/td>\n<td style=\"height: 45px;\">plus d&rsquo;infos<\/td>\n<\/tr>\n<\/tbody>\n<\/table>\n\n\n<h3>voir aussi \u00ab\u00a0<a href=\"https:\/\/espacestrail.run\/fr\/broceliande\" target=\"_blank\" rel=\"noopener noreferrer\">l&rsquo;espace Trail de Broc\u00e9liande<\/a>\u00ab\u00a0<\/h3>\n","protected":false},"excerpt":{"rendered":"<p>La vall\u00e9e du Serein et le Pays de Broc\u00e9liande sont particuli\u00e8rement riches en promenade de longueurs et de difficult\u00e9s vari\u00e9es. Comment imprimer ou t\u00e9l\u00e9charger le plan Type de circuit Nom du circuit Dur\u00e9e ou distance D\u00e9part Fl\u00e9chage Observations A v\u00e9lo Le tour de Tr\u00e9ffendel 18 km Rue de la Cour D\u00e9toc Petitspanneauxrouges Petites routes avec [&hellip;]<\/p>\n","protected":false},"author":1,"featured_media":0,"parent":240,"menu_order":0,"comment_status":"closed","ping_status":"closed","template":"","meta":[],"_links":{"self":[{"href":"https:\/\/www.treffendel.fr\/index.php?rest_route=\/wp\/v2\/pages\/251"}],"collection":[{"href":"https:\/\/www.treffendel.fr\/index.php?rest_route=\/wp\/v2\/pages"}],"about":[{"href":"https:\/\/www.treffendel.fr\/index.php?rest_route=\/wp\/v2\/types\/page"}],"author":[{"embeddable":true,"href":"https:\/\/www.treffendel.fr\/index.php?rest_route=\/wp\/v2\/users\/1"}],"replies":[{"embeddable":true,"href":"https:\/\/www.treffendel.fr\/index.php?rest_route=%2Fwp%2Fv2%2Fcomments&post=251"}],"version-history":[{"count":22,"href":"https:\/\/www.treffendel.fr\/index.php?rest_route=\/wp\/v2\/pages\/251\/revisions"}],"predecessor-version":[{"id":6020,"href":"https:\/\/www.treffendel.fr\/index.php?rest_route=\/wp\/v2\/pages\/251\/revisions\/6020"}],"up":[{"embeddable":true,"href":"https:\/\/www.treffendel.fr\/index.php?rest_route=\/wp\/v2\/pages\/240"}],"wp:attachment":[{"href":"https:\/\/www.treffendel.fr\/index.php?rest_route=%2Fwp%2Fv2%2Fmedia&parent=251"}],"curies":[{"name":"wp","href":"https:\/\/api.w.org\/{rel}","templated":true}]}}